{"id":1949,"date":"2023-02-02T14:41:36","date_gmt":"2023-02-02T13:41:36","guid":{"rendered":"https:\/\/energirona.entornodesarrollo.com\/politica-de-privacitat\/"},"modified":"2024-10-29T11:58:47","modified_gmt":"2024-10-29T10:58:47","slug":"politica-de-privacitat","status":"publish","type":"page","link":"https:\/\/energirona.com\/ca\/politica-de-privacitat\/","title":{"rendered":"Pol\u00edtica de privacitat"},"content":{"rendered":"<p>[et_pb_section fb_built=&#8221;1&#8243; _builder_version=&#8221;4.20.0&#8243; _module_preset=&#8221;default&#8221; global_colors_info=&#8221;{}&#8221;][et_pb_row _builder_version=&#8221;4.20.0&#8243; _module_preset=&#8221;default&#8221; global_colors_info=&#8221;{}&#8221;][et_pb_column type=&#8221;4_4&#8243; _builder_version=&#8221;4.20.0&#8243; _module_preset=&#8221;default&#8221; global_colors_info=&#8221;{}&#8221;][et_pb_text _builder_version=&#8221;4.20.0&#8243; _module_preset=&#8221;default&#8221; global_colors_info=&#8221;{}&#8221;]<\/p>\n<h2>Pol\u00edtica de protecci\u00f3, privadesa i protecci\u00f3 de dades<\/h2>\n<p>[\/et_pb_text][et_pb_text _builder_version=&#8221;4.20.2&#8243; _module_preset=&#8221;default&#8221; global_colors_info=&#8221;{}&#8221;]<\/p>\n<p>La confidencialidad y la seguridad son valores primordiales de ENERGIRONA y, en consecuencia, asumimos el compromiso de garantizar la privacidad del Usuario en todo momento y de no recabar informaci\u00f3n innecesaria. A continuaci\u00f3n, le proporcionamos toda la informaci\u00f3n necesaria sobre nuestra Pol\u00edtica de Privacidad en relaci\u00f3n con los datos personales que recabamos, explic\u00e1ndole:<\/p>\n<p>\u2022 Qui\u00e9n es el responsable del tratamiento de sus datos.<br \/>\u2022 Para qu\u00e9 finalidades recabamos los datos que le solicitamos.<br \/>\u2022 Cu\u00e1l es la legitimaci\u00f3n para su tratamiento.<br \/>\u2022 Durante cu\u00e1nto tiempo los conservamos.<br \/>\u2022 A qu\u00e9 destinatarios se comunican sus datos.<br \/>\u2022 Cu\u00e1les son sus derechos.<\/p>\n<p>&nbsp;<\/p>\n<p><strong>Responsable:<\/strong><br \/>GAS GIRONA MANTENIMENT SA (A17582560)<br \/>Calle Vilar, 37<br \/>17200, Palafrugell (Girona)<br \/><a href=\"mailto:pmitja@gasgirona.com\">pmitja@gasgirona.com<\/a><\/p>\n<p>&nbsp;<\/p>\n<p>Finalidades, legitimaci\u00f3n y conservaci\u00f3n de los tratamientos de los datos enviados a trav\u00e9s de:<\/p>\n<p><strong>FORMULARIO DE REGISTRO:<\/strong><br \/>\u2022 Finalidad:\u00a0Darle de alta como usuario y permitirle el acceso a los servicios reservados a usuarios registrados de nuestra web e informarle de nuestros productos y servicios, as\u00ed como enviarle comunicaciones comerciales de nuestros productos y servicios inclusive por medios electr\u00f3nicos.<br \/>\u2022 Legitimaci\u00f3n:\u00a0Consentimiento del usuario. Inter\u00e9s leg\u00edtimo del responsable en mantener informados a sus clientes sobre sus productos y servicios.<br \/>\u2022 Conservaci\u00f3n:\u00a0Hasta que el usuario registrado solicite su baja y posteriormente durante los plazos legalmente previstos. Env\u00edos comerciales: hasta que el usuario solicite su baja.<\/p>\n<p><strong>FORMULARIO DE COMPRA:<\/strong><br \/>\u2022 Finalidad:\u00a0Gestionar sus pedidos de compra e informarle de nuestros productos y servicios, inclusive por medios electr\u00f3nicos.<br \/>\u2022 Legitimaci\u00f3n:\u00a0Ejecuci\u00f3n del contrato de venta e inter\u00e9s leg\u00edtimo para informar a nuestros clientes sobre nuestros productos y servicios.<br \/>\u2022 Conservaci\u00f3n:\u00a0Mientras dure la relaci\u00f3n contractual y, finalizada esta, durante los plazos de conservaci\u00f3n exigidos legalmente para atender eventuales responsabilidades y posteriormente durante los plazos legalmente previstos. Env\u00edos comerciales: hasta que el usuario solicite su baja.<\/p>\n<p><strong>ENV\u00cdO DE CORREOS ELECTR\u00d3NICOS:<\/strong><br \/>\u2022 Finalidad:\u00a0Contestar a sus solicitudes de informaci\u00f3n, atender sus peticiones y responder sus consultas o dudas.<br \/>\u2022 Legitimaci\u00f3n:\u00a0El consentimiento del usuario al solicitarnos informaci\u00f3n a trav\u00e9s de la direcci\u00f3n de correo electr\u00f3nico.<br \/>\u2022 Conservaci\u00f3n:\u00a0Hasta una vez contestada su petici\u00f3n por correo electr\u00f3nico, si no ha generado un nuevo tratamiento.<\/p>\n<p><strong>SUSCRIPCI\u00d3N A NUESTRA NEWSLETTER:<\/strong><br \/>\u2022 Finalidad:\u00a0Env\u00edo de nuestro bolet\u00edn comercial y de comunicaciones informativas y publicitarias sobre nuestros productos o servicios que sean de su inter\u00e9s, incluso por medios electr\u00f3nicos.<br \/>\u2022 Legitimaci\u00f3n:\u00a0El consentimiento del usuario al suscribirse a nuestros env\u00edos comerciales y\/o newsletters.<br \/>\u2022 Conservaci\u00f3n:\u00a0Hasta que el interesado revoque el consentimiento y solicite la baja del servicio.<\/p>\n<p>&nbsp;<\/p>\n<p>Obligaci\u00f3n de facilitarnos sus datos personales y consecuencias de no hacerlo.<br \/>El suministro de datos personales requiere una edad m\u00ednima de 14 a\u00f1os, o en su caso, disponer de capacidad jur\u00eddica suficiente para contratar.<\/p>\n<p>Los datos personales solicitados son necesarios para gestionar sus solicitudes y\/o prestarle los servicios que pueda contratar, por lo que, si no nos los facilita, no podremos atenderle correctamente ni prestarle el servicio que ha solicitado.<\/p>\n<p>&nbsp;<\/p>\n<p><strong>Destinatarios de sus datos<\/strong><br \/>Sus datos son confidenciales y no se ceder\u00e1n a terceros, salvo que exista obligaci\u00f3n legal.<\/p>\n<p>&nbsp;<\/p>\n<p><strong>Derechos en relaci\u00f3n con sus datos personales<\/strong><br \/>Cualquier persona puede retirar su consentimiento en cualquier momento, cuando el mismo se haya otorgado para el tratamiento de sus datos. En ning\u00fan caso, la retirada de este consentimiento condiciona la ejecuci\u00f3n del contrato de suscripci\u00f3n o las relaciones generadas con anterioridad.<\/p>\n<p>Igualmente, puede ejercer los siguientes derechos:<br \/>\u2022 Solicitar el acceso a sus datos personales o su rectificaci\u00f3n cuando sean inexactos.<br \/>\u2022 Solicitar su supresi\u00f3n cuando, entre otros motivos, los datos ya no sean necesarios para los fines para los que fueron recogidos.<br \/>\u2022 Solicitar la limitaci\u00f3n de su tratamiento en determinadas circunstancias.<br \/>\u2022 Solicitar la oposici\u00f3n al tratamiento de sus datos por motivos relacionados con su situaci\u00f3n particular.<br \/>\u2022 Solicitar la portabilidad de los datos en los casos previstos en la normativa.<br \/>\u2022 Otros derechos reconocidos en las normativas aplicables.<\/p>\n<p>D\u00f3nde y c\u00f3mo solicitar sus Derechos: Mediante un escrito dirigido al responsable a su direcci\u00f3n postal o electr\u00f3nica (indicadas en el apartado A), indicando la referencia \u201cDatos Personales\u201d, especificando el derecho que se quiere ejercer y respecto a qu\u00e9 datos personales.<br \/>En caso de divergencias con la empresa en relaci\u00f3n con el tratamiento de sus datos, puede presentar una reclamaci\u00f3n ante la Autoridad de Protecci\u00f3n de Datos (www.agpd.es).<\/p>\n<p>&nbsp;<\/p>\n<p><strong>Cookies<\/strong><br \/>Esta p\u00e1gina web utiliza cookies t\u00e9cnicas, de personalizaci\u00f3n, de an\u00e1lisis y publicitarias, propias y de terceros (Google Analytics), que en ning\u00fan caso tratan datos de car\u00e1cter personal, pero captan h\u00e1bitos de navegaci\u00f3n para fines estad\u00edsticos y publicitarios.<\/p>\n<p>Por ello, al acceder a nuestra web, en cumplimiento del art\u00edculo 22 de la Ley de Servicios de la Sociedad de la Informaci\u00f3n, al tratar cookies de an\u00e1lisis y publicitarias, le hemos solicitado su consentimiento para su uso y facilitado informaci\u00f3n de las mismas, que en todo caso se instalar\u00e1n pasado un plazo de tiempo prudencial para que el usuario tenga tiempo de decidir prestar su consentimiento o no.<\/p>\n<p>&nbsp;<\/p>\n<p><strong>Seguridad de sus datos personales<\/strong><br \/>Con el objetivo de salvaguardar la seguridad de sus datos personales, le informamos que hemos adoptado todas las medidas de \u00edndole t\u00e9cnica y organizativa necesarias para garantizar la seguridad de los datos personales suministrados de su alteraci\u00f3n, p\u00e9rdida, y tratamientos o accesos no autorizados.<\/p>\n<p>&nbsp;<\/p>\n<p><strong>Actualizaci\u00f3n de sus datos<\/strong><br \/>Es importante que para que podamos mantener sus datos personales actualizados, nos informe siempre que haya habido alguna modificaci\u00f3n en ellos, en caso contrario, no respondemos de la veracidad de los mismos.<br \/>No nos hacemos responsables de la pol\u00edtica de privacidad respecto a los datos personales que pueda facilitar a terceros por medio de los enlaces disponibles en nuestra p\u00e1gina web.<\/p>\n<p>La presente Pol\u00edtica de Privacidad puede ser modificada para adaptarlas a los cambios que se produzca en nuestra web, as\u00ed como modificaciones legislativas o jurisprudenciales sobre datos personales que vayan apareciendo, por lo que exige su lectura, cada vez que nos facilite sus datos a trav\u00e9s de esta Web.<\/p>\n<p>[\/et_pb_text][\/et_pb_column][\/et_pb_row][\/et_pb_section]<\/p>\n","protected":false},"excerpt":{"rendered":"<p>Pol\u00edtica de protecci\u00f3, privadesa i protecci\u00f3 de dadesLa confidencialidad y la seguridad son valores primordiales de ENERGIRONA y, en consecuencia, asumimos el compromiso de garantizar la privacidad del Usuario en todo momento y de no recabar informaci\u00f3n innecesaria. A continuaci\u00f3n, le proporcionamos toda la informaci\u00f3n necesaria sobre nuestra Pol\u00edtica de Privacidad en relaci\u00f3n con los [&hellip;]<\/p>\n","protected":false},"author":1,"featured_media":1454,"parent":0,"menu_order":0,"comment_status":"closed","ping_status":"closed","template":"","meta":{"_acf_changed":false,"_et_pb_use_builder":"on","_et_pb_old_content":"","_et_gb_content_width":"","footnotes":""},"class_list":["post-1949","page","type-page","status-publish","has-post-thumbnail","hentry"],"acf":[],"yoast_head":"<!-- This site is optimized with the Yoast SEO plugin v27.4 - https:\/\/yoast.com\/product\/yoast-seo-wordpress\/ -->\n<title>Pol\u00edtica de privacitat | Energirona<\/title>\n<meta name=\"description\" content=\"Apartat legal sobre la pol\u00edtica de protecci\u00f3, privadesa i protecci\u00f3 de dades.\" \/>\n<meta name=\"robots\" content=\"index, follow, max-snippet:-1, max-image-preview:large, max-video-preview:-1\" \/>\n<link rel=\"canonical\" href=\"https:\/\/energirona.com\/ca\/politica-de-privacitat\/\" \/>\n<meta property=\"og:locale\" content=\"ca_ES\" \/>\n<meta property=\"og:type\" content=\"article\" \/>\n<meta property=\"og:title\" content=\"Pol\u00edtica de privacitat | Energirona\" \/>\n<meta property=\"og:description\" content=\"Apartat legal sobre la pol\u00edtica de protecci\u00f3, privadesa i protecci\u00f3 de dades.\" \/>\n<meta property=\"og:url\" content=\"https:\/\/energirona.com\/ca\/politica-de-privacitat\/\" \/>\n<meta property=\"og:site_name\" content=\"Energirona\" \/>\n<meta property=\"article:modified_time\" content=\"2024-10-29T10:58:47+00:00\" \/>\n<meta property=\"og:image\" content=\"https:\/\/energirona.com\/wp-content\/uploads\/2023\/02\/cropped-favicon-energirona.png\" \/>\n\t<meta property=\"og:image:width\" content=\"512\" \/>\n\t<meta property=\"og:image:height\" content=\"512\" \/>\n\t<meta property=\"og:image:type\" content=\"image\/png\" \/>\n<meta name=\"twitter:card\" content=\"summary_large_image\" \/>\n<meta name=\"twitter:label1\" content=\"Temps estimat de lectura\" \/>\n\t<meta name=\"twitter:data1\" content=\"5 minuts\" \/>\n<!-- \/ Yoast SEO plugin. -->","yoast_head_json":{"title":"Pol\u00edtica de privacitat | Energirona","description":"Apartat legal sobre la pol\u00edtica de protecci\u00f3, privadesa i protecci\u00f3 de dades.","robots":{"index":"index","follow":"follow","max-snippet":"max-snippet:-1","max-image-preview":"max-image-preview:large","max-video-preview":"max-video-preview:-1"},"canonical":"https:\/\/energirona.com\/ca\/politica-de-privacitat\/","og_locale":"ca_ES","og_type":"article","og_title":"Pol\u00edtica de privacitat | Energirona","og_description":"Apartat legal sobre la pol\u00edtica de protecci\u00f3, privadesa i protecci\u00f3 de dades.","og_url":"https:\/\/energirona.com\/ca\/politica-de-privacitat\/","og_site_name":"Energirona","article_modified_time":"2024-10-29T10:58:47+00:00","og_image":[{"width":512,"height":512,"url":"https:\/\/energirona.com\/wp-content\/uploads\/2023\/02\/cropped-favicon-energirona.png","type":"image\/png"}],"twitter_card":"summary_large_image","twitter_misc":{"Temps estimat de lectura":"5 minuts"},"schema":{"@context":"https:\/\/schema.org","@graph":[{"@type":"WebPage","@id":"https:\/\/energirona.com\/ca\/politica-de-privacitat\/","url":"https:\/\/energirona.com\/ca\/politica-de-privacitat\/","name":"Pol\u00edtica de privacitat | Energirona","isPartOf":{"@id":"https:\/\/energirona.com\/ca\/#website"},"primaryImageOfPage":{"@id":"https:\/\/energirona.com\/ca\/politica-de-privacitat\/#primaryimage"},"image":{"@id":"https:\/\/energirona.com\/ca\/politica-de-privacitat\/#primaryimage"},"thumbnailUrl":"https:\/\/energirona.com\/wp-content\/uploads\/2023\/02\/cropped-favicon-energirona.png","datePublished":"2023-02-02T13:41:36+00:00","dateModified":"2024-10-29T10:58:47+00:00","description":"Apartat legal sobre la pol\u00edtica de protecci\u00f3, privadesa i protecci\u00f3 de dades.","breadcrumb":{"@id":"https:\/\/energirona.com\/ca\/politica-de-privacitat\/#breadcrumb"},"inLanguage":"ca","potentialAction":[{"@type":"ReadAction","target":["https:\/\/energirona.com\/ca\/politica-de-privacitat\/"]}]},{"@type":"ImageObject","inLanguage":"ca","@id":"https:\/\/energirona.com\/ca\/politica-de-privacitat\/#primaryimage","url":"https:\/\/energirona.com\/wp-content\/uploads\/2023\/02\/cropped-favicon-energirona.png","contentUrl":"https:\/\/energirona.com\/wp-content\/uploads\/2023\/02\/cropped-favicon-energirona.png","width":512,"height":512,"caption":"cropped-favicon-energirona.png"},{"@type":"BreadcrumbList","@id":"https:\/\/energirona.com\/ca\/politica-de-privacitat\/#breadcrumb","itemListElement":[{"@type":"ListItem","position":1,"name":"Portada","item":"https:\/\/energirona.com\/ca\/inici\/"},{"@type":"ListItem","position":2,"name":"Pol\u00edtica de privacitat"}]},{"@type":"WebSite","@id":"https:\/\/energirona.com\/ca\/#website","url":"https:\/\/energirona.com\/ca\/","name":"Energirona","description":"","publisher":{"@id":"https:\/\/energirona.com\/ca\/#organization"},"potentialAction":[{"@type":"SearchAction","target":{"@type":"EntryPoint","urlTemplate":"https:\/\/energirona.com\/ca\/?s={search_term_string}"},"query-input":{"@type":"PropertyValueSpecification","valueRequired":true,"valueName":"search_term_string"}}],"inLanguage":"ca"},{"@type":"Organization","@id":"https:\/\/energirona.com\/ca\/#organization","name":"Energirona","url":"https:\/\/energirona.com\/ca\/","logo":{"@type":"ImageObject","inLanguage":"ca","@id":"https:\/\/energirona.com\/ca\/#\/schema\/logo\/image\/","url":"https:\/\/energirona.com\/wp-content\/uploads\/2023\/02\/logo-energirona.png","contentUrl":"https:\/\/energirona.com\/wp-content\/uploads\/2023\/02\/logo-energirona.png","width":313,"height":57,"caption":"Energirona"},"image":{"@id":"https:\/\/energirona.com\/ca\/#\/schema\/logo\/image\/"}}]}},"_links":{"self":[{"href":"https:\/\/energirona.com\/ca\/wp-json\/wp\/v2\/pages\/1949","targetHints":{"allow":["GET"]}}],"collection":[{"href":"https:\/\/energirona.com\/ca\/wp-json\/wp\/v2\/pages"}],"about":[{"href":"https:\/\/energirona.com\/ca\/wp-json\/wp\/v2\/types\/page"}],"author":[{"embeddable":true,"href":"https:\/\/energirona.com\/ca\/wp-json\/wp\/v2\/users\/1"}],"replies":[{"embeddable":true,"href":"https:\/\/energirona.com\/ca\/wp-json\/wp\/v2\/comments?post=1949"}],"version-history":[{"count":4,"href":"https:\/\/energirona.com\/ca\/wp-json\/wp\/v2\/pages\/1949\/revisions"}],"predecessor-version":[{"id":4731,"href":"https:\/\/energirona.com\/ca\/wp-json\/wp\/v2\/pages\/1949\/revisions\/4731"}],"wp:featuredmedia":[{"embeddable":true,"href":"https:\/\/energirona.com\/ca\/wp-json\/wp\/v2\/media\/1454"}],"wp:attachment":[{"href":"https:\/\/energirona.com\/ca\/wp-json\/wp\/v2\/media?parent=1949"}],"curies":[{"name":"wp","href":"https:\/\/api.w.org\/{rel}","templated":true}]}}