{"id":1887,"date":"2023-02-09T14:10:59","date_gmt":"2023-02-09T13:10:59","guid":{"rendered":"https:\/\/energirona.entornodesarrollo.com\/calefaccio\/"},"modified":"2025-12-16T09:35:17","modified_gmt":"2025-12-16T08:35:17","slug":"calefaccio","status":"publish","type":"page","link":"https:\/\/energirona.com\/ca\/calefaccio\/","title":{"rendered":"Calefacci\u00f3"},"content":{"rendered":"<p>[et_pb_section fb_built=&#8221;1&#8243; _builder_version=&#8221;4.19.5&#8243; _module_preset=&#8221;default&#8221; background_image=&#8221;https:\/\/energirona.com\/wp-content\/uploads\/2023\/02\/energirona-fondo-instalacion-calefaccion.jpg&#8221; custom_margin=&#8221;||||false&#8221; custom_padding=&#8221;16px||16px||true|false&#8221; global_colors_info=&#8221;{}&#8221;][et_pb_row column_structure=&#8221;3_5,2_5&#8243; _builder_version=&#8221;4.19.5&#8243; _module_preset=&#8221;default&#8221; global_colors_info=&#8221;{}&#8221;][et_pb_column type=&#8221;3_5&#8243; _builder_version=&#8221;4.19.5&#8243; _module_preset=&#8221;default&#8221; global_colors_info=&#8221;{}&#8221;][et_pb_text content_tablet=&#8221;<\/p>\n<h1 style=%22text-align: center;%22>INSTALACI\u00d3N<br \/>DE CALDERAS<\/h1>\n<p>&#8221; content_phone=&#8221;<\/p>\n<h1 style=%22text-align: center;%22>INSTALACI\u00d3N<br \/>DE CALDERAS<\/h1>\n<p>&#8221; content_last_edited=&#8221;on|phone&#8221; _builder_version=&#8221;4.27.4&#8243; _module_preset=&#8221;default&#8221; header_font=&#8221;|700|||||||&#8221; header_text_color=&#8221;#FFFFFF&#8221; header_font_size=&#8221;48px&#8221; header_line_height=&#8221;1.4em&#8221; width=&#8221;100%&#8221; custom_margin=&#8221;5vw|-15px|||false|false&#8221; text_font_size_tablet=&#8221;&#8221; text_font_size_phone=&#8221;35px&#8221; text_font_size_last_edited=&#8221;on|phone&#8221; header_font_size_tablet=&#8221;48px&#8221; header_font_size_phone=&#8221;35px&#8221; header_font_size_last_edited=&#8221;on|phone&#8221; locked=&#8221;off&#8221; global_colors_info=&#8221;{}&#8221;]<\/p>\n<h1 style=\"text-align: left;\">INSTAL\u00b7LACI\u00d3 DE CALEFACCI\u00d3: APROFITA LA NOSTRA PROMOCI\u00d3 <strong><span style=\"color: #ff0000;\">DE FINS A 250 \u20ac DE DESCOMPTE<\/span><\/strong><\/h1>\n<p>[\/et_pb_text][et_pb_button button_url=&#8221;https:\/\/energirona.com\/ca\/calderes\/#promo-calderas-girona&#8221; button_text=&#8221;VEURE PROMOCI\u00d3&#8221; button_alignment=&#8221;center&#8221; _builder_version=&#8221;4.27.4&#8243; _module_preset=&#8221;default&#8221; hover_enabled=&#8221;0&#8243; locked=&#8221;off&#8221; global_colors_info=&#8221;{}&#8221; sticky_enabled=&#8221;0&#8243;][\/et_pb_button][\/et_pb_column][et_pb_column type=&#8221;2_5&#8243; _builder_version=&#8221;4.27.4&#8243; _module_preset=&#8221;default&#8221; background_color=&#8221;#368a82&#8243; custom_padding=&#8221;20px|20px|0px|20px|false|true&#8221; border_radii=&#8221;on|8px|8px|8px|8px&#8221; box_shadow_style=&#8221;preset3&#8243; global_colors_info=&#8221;{}&#8221;][et_pb_text _builder_version=&#8221;4.19.5&#8243; _module_preset=&#8221;default&#8221; text_font=&#8221;|700|||||||&#8221; text_text_color=&#8221;#FFFFFF&#8221; text_font_size=&#8221;24px&#8221; text_orientation=&#8221;center&#8221; custom_margin=&#8221;||16px||false|false&#8221; global_colors_info=&#8221;{}&#8221;]<\/p>\n<p>Truca&#8217;ns ara al<\/p>\n<p>[\/et_pb_text][et_pb_text _builder_version=&#8221;4.27.4&#8243; _module_preset=&#8221;default&#8221; text_font=&#8221;|700|||||||&#8221; text_text_color=&#8221;#FFFFFF&#8221; text_font_size=&#8221;42px&#8221; text_orientation=&#8221;center&#8221; custom_margin=&#8221;||16px||false|false&#8221; global_colors_info=&#8221;{}&#8221;]<\/p>\n<p><a href=\"tel:+34621146003\"><span>621 14 60 03<\/span><\/a><\/p>\n<p>[\/et_pb_text][et_pb_text _builder_version=&#8221;4.19.5&#8243; _module_preset=&#8221;default&#8221; text_text_color=&#8221;#FFFFFF&#8221; text_font_size=&#8221;20px&#8221; text_orientation=&#8221;center&#8221; custom_margin=&#8221;||8px||false|false&#8221; global_colors_info=&#8221;{}&#8221;]<\/p>\n<p>O b\u00e9 omple el seg\u00fcent formulari<\/p>\n<p>[\/et_pb_text][et_pb_text _builder_version=&#8221;4.20.2&#8243; _module_preset=&#8221;default&#8221; text_text_color=&#8221;#FFFFFF&#8221; global_colors_info=&#8221;{}&#8221;]<\/p>\n\n<div class=\"wpcf7 no-js\" id=\"wpcf7-f1996-o1\" lang=\"ca\" dir=\"ltr\" data-wpcf7-id=\"1996\">\n<div class=\"screen-reader-response\"><p role=\"status\" aria-live=\"polite\" aria-atomic=\"true\"><\/p> <ul><\/ul><\/div>\n<form action=\"\/ca\/wp-json\/wp\/v2\/pages\/1887#wpcf7-f1996-o1\" method=\"post\" class=\"wpcf7-form init\" aria-label=\"Formulari de contacte\" novalidate=\"novalidate\" data-status=\"init\">\n<fieldset class=\"hidden-fields-container\"><input type=\"hidden\" name=\"_wpcf7\" value=\"1996\" \/><input type=\"hidden\" name=\"_wpcf7_version\" value=\"6.1.5\" \/><input type=\"hidden\" name=\"_wpcf7_locale\" value=\"ca\" \/><input type=\"hidden\" name=\"_wpcf7_unit_tag\" value=\"wpcf7-f1996-o1\" \/><input type=\"hidden\" name=\"_wpcf7_container_post\" value=\"0\" \/><input type=\"hidden\" name=\"_wpcf7_posted_data_hash\" value=\"\" \/><input type=\"hidden\" name=\"_wpcf7_recaptcha_response\" value=\"\" \/>\n<\/fieldset>\n<label> El teu nom\r\n    <span class=\"wpcf7-form-control-wrap\" data-name=\"your-name\"><input size=\"40\" maxlength=\"400\" class=\"wpcf7-form-control wpcf7-text wpcf7-validates-as-required\" autocomplete=\"name\" aria-required=\"true\" aria-invalid=\"false\" value=\"\" type=\"text\" name=\"your-name\" \/><\/span>\r\n<\/label>\r\n\r\n<label> N\u00famero de tel\u00e8fon\r\n    <span class=\"wpcf7-form-control-wrap\" data-name=\"tel-num\"><input size=\"40\" maxlength=\"400\" class=\"wpcf7-form-control wpcf7-tel wpcf7-validates-as-required wpcf7-text wpcf7-validates-as-tel\" aria-required=\"true\" aria-invalid=\"false\" value=\"\" type=\"tel\" name=\"tel-num\" \/><\/span>\r\n<\/label>\r\n\r\n<label> Poblaci\u00f3\r\n    <span class=\"wpcf7-form-control-wrap\" data-name=\"pob\"><input size=\"40\" maxlength=\"400\" class=\"wpcf7-form-control wpcf7-text wpcf7-validates-as-required\" aria-required=\"true\" aria-invalid=\"false\" value=\"\" type=\"text\" name=\"pob\" \/><\/span>\r\n<\/label>\r\n\r\n\r\n<span class=\"wpcf7-form-control-wrap\" data-name=\"acceptance-432\"><span class=\"wpcf7-form-control wpcf7-acceptance\"><span class=\"wpcf7-list-item\"><label><input type=\"checkbox\" name=\"acceptance-432\" value=\"1\" aria-invalid=\"false\" \/><span class=\"wpcf7-list-item-label\">He llegit i accepto la <a href=\"\/politica-de-privacidad\">pol\u00edtica de privacitat<\/a><\/span><\/label><\/span><\/span><\/span>\r\n<input class=\"wpcf7-form-control wpcf7-hidden\" id=\"form-field-utm_source_field\" value=\"\" type=\"hidden\" name=\"utm_source\" \/>\r\n<input class=\"wpcf7-form-control wpcf7-hidden\" id=\"form-field-utm_medium_field\" value=\"\" type=\"hidden\" name=\"utm_medium\" \/>\r\n<input class=\"wpcf7-form-control wpcf7-hidden\" id=\"form-field-utm_campaign_field\" value=\"\" type=\"hidden\" name=\"utm_campaign\" \/>\r\n<input class=\"wpcf7-form-control wpcf7-hidden\" id=\"form-field-gclid_field\" value=\"\" type=\"hidden\" name=\"gclid\" \/>\r\n<input class=\"wpcf7-form-control wpcf7-hidden\" id=\"form-field-utm_id_field\" value=\"\" type=\"hidden\" name=\"utm_id\" \/>\r\n\r\n<input class=\"wpcf7-form-control wpcf7-submit has-spinner\" type=\"submit\" value=\"Contactan&#039;s\" \/><div class=\"wpcf7-response-output\" aria-hidden=\"true\"><\/div>\n<\/form>\n<\/div>\n\n<p>[\/et_pb_text][\/et_pb_column][\/et_pb_row][\/et_pb_section][et_pb_section fb_built=&#8221;1&#8243; _builder_version=&#8221;4.19.5&#8243; _module_preset=&#8221;default&#8221; background_color=&#8221;#f9f9f9&#8243; custom_padding=&#8221;16px||32px||false|false&#8221; global_colors_info=&#8221;{}&#8221;][et_pb_row column_structure=&#8221;1_2,1_2&#8243; _builder_version=&#8221;4.19.5&#8243; _module_preset=&#8221;default&#8221; custom_padding=&#8221;0px||0px||true|false&#8221; global_colors_info=&#8221;{}&#8221;][et_pb_column type=&#8221;1_2&#8243; _builder_version=&#8221;4.19.5&#8243; _module_preset=&#8221;default&#8221; global_colors_info=&#8221;{}&#8221;][et_pb_text _builder_version=&#8221;4.19.5&#8243; _module_preset=&#8221;default&#8221; header_2_font=&#8221;|700|||||||&#8221; global_colors_info=&#8221;{}&#8221;]<\/p>\n<h2>CALOR I CONFORT AMB ENERGIRONA<\/h2>\n<p>[\/et_pb_text][\/et_pb_column][et_pb_column type=&#8221;1_2&#8243; _builder_version=&#8221;4.19.5&#8243; _module_preset=&#8221;default&#8221; global_colors_info=&#8221;{}&#8221;][\/et_pb_column][\/et_pb_row][\/et_pb_section][et_pb_section fb_built=&#8221;1&#8243; _builder_version=&#8221;4.19.5&#8243; _module_preset=&#8221;default&#8221; global_colors_info=&#8221;{}&#8221;][et_pb_row _builder_version=&#8221;4.20.0&#8243; _module_preset=&#8221;default&#8221; custom_padding=&#8221;0px||0px||true|false&#8221; custom_css_main_element=&#8221;display: flex;||align-items: center;&#8221; global_colors_info=&#8221;{}&#8221;][et_pb_column type=&#8221;4_4&#8243; _builder_version=&#8221;4.19.5&#8243; _module_preset=&#8221;default&#8221; global_colors_info=&#8221;{}&#8221;][et_pb_text _builder_version=&#8221;4.20.2&#8243; _module_preset=&#8221;default&#8221; custom_margin=&#8221;-11px||||false|false&#8221; global_colors_info=&#8221;{}&#8221;]<\/p>\n<p>Vols gaudir d&#8217;una llar c\u00e0lida i confortable durant tot l&#8217;hivern? En Energirona som especialistes en la instal\u00b7laci\u00f3 de sistemes de calefacci\u00f3 eficients i d&#8217;alta qualitat. Realitzem <strong>un pressupost i visita t\u00e8cnica gratu\u00efta<\/strong> i sense comprom\u00eds per a poder oferir-te la millor soluci\u00f3 per a la teva llar o negoci.<\/p>\n<p><\/p>\n<p>Abans de la instal\u00b7laci\u00f3, realitzem un estudi de les estades per a col\u00b7locar els radiadors de manera eficient i obtenir el major rendiment del teu sistema de calefacci\u00f3. I a m\u00e9s, t<strong>reballem amb les millors marques del mercat<\/strong> per a garantir la m\u00e0xima durabilitat i efici\u00e8ncia dels nostres equips.<\/p>\n<p><\/p>\n<p>A qu\u00e8 esperes? Contacta&#8217;ns i et donarem tots els detalls.<\/p>\n<p>[\/et_pb_text][et_pb_image src=&#8221;https:\/\/energirona.com\/wp-content\/uploads\/2023\/02\/energirona-instalacion-calefaccion.jpg&#8221; title_text=&#8221;Businessman holding Smart home interface with icon, stats and data 3d rendering&#8221; _builder_version=&#8221;4.20.2&#8243; _module_preset=&#8221;default&#8221; width=&#8221;51%&#8221; border_radii=&#8221;on|8px|8px|8px|8px&#8221; box_shadow_style=&#8221;preset3&#8243; global_colors_info=&#8221;{}&#8221;][\/et_pb_image][\/et_pb_column][\/et_pb_row][\/et_pb_section][et_pb_section fb_built=&#8221;1&#8243; _builder_version=&#8221;4.27.4&#8243; _module_preset=&#8221;default&#8221; background_color=&#8221;rgba(54,138,130,0.07)&#8221; hover_enabled=&#8221;0&#8243; global_colors_info=&#8221;{}&#8221; module_id=&#8221;promo-calderas-girona&#8221; sticky_enabled=&#8221;0&#8243;][et_pb_row column_structure=&#8221;1_2,1_2&#8243; module_id=&#8221;promo-calderas&#8221; _builder_version=&#8221;4.27.4&#8243; _module_preset=&#8221;default&#8221; custom_padding=&#8221;50px||50px||true|false&#8221; custom_css_main_element=&#8221;display: flex;||align-items: center;&#8221; locked=&#8221;off&#8221; global_colors_info=&#8221;{}&#8221; custom_css_main_element_last_edited=&#8221;on|tablet&#8221; custom_css_main_element_tablet=&#8221;display: block;&#8221; custom_css_main_element_phone=&#8221;display: block;&#8221;][et_pb_column type=&#8221;1_2&#8243; _builder_version=&#8221;4.19.5&#8243; _module_preset=&#8221;default&#8221; global_colors_info=&#8221;{}&#8221;][et_pb_gallery gallery_ids=&#8221;7761&#8243; fullwidth=&#8221;on&#8221; _builder_version=&#8221;4.27.4&#8243; _module_preset=&#8221;default&#8221; title_font_size=&#8221;29px&#8221; background_layout=&#8221;dark&#8221; custom_margin=&#8221;||||false|false&#8221; auto=&#8221;on&#8221; auto_speed=&#8221;4800&#8243; border_radii=&#8221;on|19px|19px|19px|19px&#8221; locked=&#8221;off&#8221; global_colors_info=&#8221;{}&#8221;][\/et_pb_gallery][\/et_pb_column][et_pb_column type=&#8221;1_2&#8243; _builder_version=&#8221;4.19.5&#8243; _module_preset=&#8221;default&#8221; global_colors_info=&#8221;{}&#8221;][et_pb_text _builder_version=&#8221;4.27.4&#8243; _module_preset=&#8221;default&#8221; header_2_font=&#8221;|700|||||||&#8221; global_colors_info=&#8221;{}&#8221;]<\/p>\n<h2 style=\"text-align: left;\">ESTALVIA EN LA TEVA PR\u00d2XIMA CALDERA EN PASSAR-TE A NATURGY<\/h2>\n<p><\/p>\n<p>&nbsp;<\/p>\n<p>[\/et_pb_text][et_pb_text _builder_version=&#8221;4.27.4&#8243; _module_preset=&#8221;default&#8221; global_colors_info=&#8221;{}&#8221;]<\/p>\n<h3><span style=\"color: #368a82;\"><strong>Discounts with Naturgy<br \/><\/strong><\/span><span style=\"color: #368a82;\"><strong><\/strong><\/span><\/h3>\n<p><\/p>\n<ul>\n<li><span style=\"font-size: 16px;\"><strong>\u20ac50 discount<\/strong> when you switch to electricity only with Naturgy.<\/span><\/li>\n<li><span style=\"font-size: 16px;\"><strong>\u20ac100 discount<\/strong> when you contract gas + electricity with Naturgy.<\/span><\/li>\n<li><span style=\"font-size: 16px;\"><strong>\u20ac150 discount<\/strong> when you contract electricity + gas + maintenance with Naturgy.<\/span><\/li>\n<\/ul>\n<p>[\/et_pb_text][et_pb_button button_url=&#8221;https:\/\/energirona.com\/ca\/calderes\/&#8221; button_text=&#8221;VEURE CALDERES&#8221; button_alignment=&#8221;center&#8221; _builder_version=&#8221;4.27.4&#8243; _module_preset=&#8221;default&#8221; hover_enabled=&#8221;0&#8243; locked=&#8221;off&#8221; global_colors_info=&#8221;{}&#8221; sticky_enabled=&#8221;0&#8243;][\/et_pb_button][\/et_pb_column][\/et_pb_row][\/et_pb_section][et_pb_section fb_built=&#8221;1&#8243; _builder_version=&#8221;4.19.5&#8243; _module_preset=&#8221;default&#8221; background_color=&#8221;rgba(54,138,130,0.07)&#8221; global_colors_info=&#8221;{}&#8221;][et_pb_row column_structure=&#8221;1_3,1_3,1_3&#8243; _builder_version=&#8221;4.19.5&#8243; _module_preset=&#8221;default&#8221; custom_padding=&#8221;0px||0px||true|false&#8221; global_colors_info=&#8221;{}&#8221;][et_pb_column type=&#8221;1_3&#8243; _builder_version=&#8221;4.19.5&#8243; _module_preset=&#8221;default&#8221; global_colors_info=&#8221;{}&#8221;][et_pb_image src=&#8221;https:\/\/energirona.com\/wp-content\/uploads\/2023\/02\/energirona-instalacion-deposito-gas-legalizacion-1.png&#8221; title_text=&#8221;energirona-instalacion-deposito-gas-legalizacion&#8221; _builder_version=&#8221;4.19.5&#8243; _module_preset=&#8221;default&#8221; width=&#8221;150px&#8221; module_alignment=&#8221;center&#8221; custom_margin=&#8221;||32px||false|false&#8221; global_colors_info=&#8221;{}&#8221;][\/et_pb_image][et_pb_text _builder_version=&#8221;4.20.0&#8243; _module_preset=&#8221;default&#8221; header_2_font=&#8221;|700|||||||&#8221; header_2_text_align=&#8221;center&#8221; header_2_font_size=&#8221;20px&#8221; header_3_font=&#8221;|700|||||||&#8221; header_3_text_align=&#8221;center&#8221; global_colors_info=&#8221;{}&#8221;]<\/p>\n<h2>GESTIONEM LA LEGALITZACI\u00d3<\/h2>\n<p>[\/et_pb_text][\/et_pb_column][et_pb_column type=&#8221;1_3&#8243; _builder_version=&#8221;4.19.5&#8243; _module_preset=&#8221;default&#8221; global_colors_info=&#8221;{}&#8221;][et_pb_image src=&#8221;https:\/\/energirona.com\/wp-content\/uploads\/2023\/02\/energirona-instalacion-deposito-gas-experiencia-1.png&#8221; title_text=&#8221;energirona-instalacion-deposito-gas-experiencia&#8221; _builder_version=&#8221;4.19.5&#8243; _module_preset=&#8221;default&#8221; width=&#8221;150px&#8221; module_alignment=&#8221;center&#8221; custom_margin=&#8221;||32px||false|false&#8221; global_colors_info=&#8221;{}&#8221;][\/et_pb_image][et_pb_text _builder_version=&#8221;4.20.0&#8243; _module_preset=&#8221;default&#8221; header_2_font=&#8221;|700|||||||&#8221; header_2_text_align=&#8221;center&#8221; header_2_font_size=&#8221;20px&#8221; header_3_font=&#8221;|700|||||||&#8221; header_3_text_align=&#8221;center&#8221; global_colors_info=&#8221;{}&#8221;]<\/p>\n<h2>30 ANYS D&#8217;EXPERI\u00c8NCIA AL SECTOR<\/h2>\n<p>[\/et_pb_text][\/et_pb_column][et_pb_column type=&#8221;1_3&#8243; _builder_version=&#8221;4.19.5&#8243; _module_preset=&#8221;default&#8221; global_colors_info=&#8221;{}&#8221;][et_pb_image src=&#8221;https:\/\/energirona.com\/wp-content\/uploads\/2023\/02\/energirona-home-rapidez-servicio-1.png&#8221; title_text=&#8221;energirona-home-rapidez-servicio&#8221; _builder_version=&#8221;4.19.5&#8243; _module_preset=&#8221;default&#8221; width=&#8221;150px&#8221; module_alignment=&#8221;center&#8221; custom_margin=&#8221;||32px||false|false&#8221; global_colors_info=&#8221;{}&#8221;][\/et_pb_image][et_pb_text _builder_version=&#8221;4.20.0&#8243; _module_preset=&#8221;default&#8221; header_2_font=&#8221;|700|||||||&#8221; header_2_text_align=&#8221;center&#8221; header_2_font_size=&#8221;20px&#8221; header_3_font=&#8221;|700|||||||&#8221; header_3_text_align=&#8221;center&#8221; global_colors_info=&#8221;{}&#8221;]<\/p>\n<h2>RAPIDESA D&#8217;INSTAL\u00b7LACI\u00d3<\/h2>\n<p>[\/et_pb_text][\/et_pb_column][\/et_pb_row][\/et_pb_section][et_pb_section fb_built=&#8221;1&#8243; _builder_version=&#8221;4.20.2&#8243; _module_preset=&#8221;default&#8221; global_colors_info=&#8221;{}&#8221;][et_pb_row _builder_version=&#8221;4.20.2&#8243; _module_preset=&#8221;default&#8221; global_colors_info=&#8221;{}&#8221;][et_pb_column type=&#8221;4_4&#8243; _builder_version=&#8221;4.20.2&#8243; _module_preset=&#8221;default&#8221; global_colors_info=&#8221;{}&#8221;][et_pb_text _builder_version=&#8221;4.20.2&#8243; _module_preset=&#8221;default&#8221; header_2_font=&#8221;|700|||||||&#8221; global_colors_info=&#8221;{}&#8221;]<\/p>\n<h2 style=\"text-align: center;\">PER QU\u00c8 ENS TRIEN ELS NOSTRES CLIENTS?<\/h2>\n<p>[\/et_pb_text][\/et_pb_column][\/et_pb_row][\/et_pb_section][et_pb_section fb_built=&#8221;1&#8243; _builder_version=&#8221;4.20.2&#8243; _module_preset=&#8221;default&#8221; custom_padding=&#8221;0px|||||&#8221; global_colors_info=&#8221;{}&#8221;][et_pb_row column_structure=&#8221;1_4,1_4,1_4,1_4&#8243; _builder_version=&#8221;4.20.2&#8243; _module_preset=&#8221;default&#8221; global_colors_info=&#8221;{}&#8221;][et_pb_column type=&#8221;1_4&#8243; _builder_version=&#8221;4.20.2&#8243; _module_preset=&#8221;default&#8221; global_colors_info=&#8221;{}&#8221;][et_pb_image src=&#8221;https:\/\/energirona.com\/wp-content\/uploads\/2023\/05\/cale-1.jpg&#8221; alt=&#8221;calefacci\u00f3n energirona&#8221; _builder_version=&#8221;4.20.2&#8243; _module_preset=&#8221;default&#8221; global_colors_info=&#8221;{}&#8221;][\/et_pb_image][et_pb_text _builder_version=&#8221;4.20.2&#8243; _module_preset=&#8221;default&#8221; global_colors_info=&#8221;{}&#8221;]<\/p>\n<p>Instal\u00b7lem <strong>sistemes de calefacci\u00f3 d&#8217;alta efici\u00e8ncia energ\u00e8tica<\/strong> que et permeten estalviar en la teva factura d&#8217;energia. Amb la nostra experi\u00e8ncia, podem assessorar-te en l&#8217;elecci\u00f3 del sistema m\u00e9s adequat a les teves necessitats, garantint que la inversi\u00f3 que facis en la teva llar et permeti reduir la despesa en calefacci\u00f3 a llarg termini.<\/p>\n<p>[\/et_pb_text][\/et_pb_column][et_pb_column type=&#8221;1_4&#8243; _builder_version=&#8221;4.20.2&#8243; _module_preset=&#8221;default&#8221; global_colors_info=&#8221;{}&#8221;][et_pb_image src=&#8221;https:\/\/energirona.com\/wp-content\/uploads\/2023\/05\/cale-2.jpg&#8221; alt=&#8221;energ\u00eda energirona&#8221; title_text=&#8221;cale 2&#8243; _builder_version=&#8221;4.20.2&#8243; _module_preset=&#8221;default&#8221; global_colors_info=&#8221;{}&#8221;][\/et_pb_image][et_pb_text _builder_version=&#8221;4.20.2&#8243; _module_preset=&#8221;default&#8221; global_colors_info=&#8221;{}&#8221;]<\/p>\n<p>Els nostres sistemes de calefacci\u00f3 et permeten gaudir d&#8217;una <strong>temperatura constant i agradable<\/strong> en tot moment, sense importar la temperatura exterior. A m\u00e9s, els nostres equips s\u00f3n silenciosos i f\u00e0cils d&#8217;usar, oferint una experi\u00e8ncia de confort sense igual.<\/p>\n<p>[\/et_pb_text][\/et_pb_column][et_pb_column type=&#8221;1_4&#8243; _builder_version=&#8221;4.20.2&#8243; _module_preset=&#8221;default&#8221; global_colors_info=&#8221;{}&#8221;][et_pb_image src=&#8221;https:\/\/energirona.com\/wp-content\/uploads\/2023\/05\/cale-3.jpg&#8221; alt=&#8221;eficiencia energ\u00e9tica energirona&#8221; _builder_version=&#8221;4.20.2&#8243; _module_preset=&#8221;default&#8221; global_colors_info=&#8221;{}&#8221;][\/et_pb_image][et_pb_text _builder_version=&#8221;4.20.2&#8243; _module_preset=&#8221;default&#8221; global_colors_info=&#8221;{}&#8221;]<\/p>\n<p>Treballem amb les <strong>millors marques del mercat<\/strong>, la qual cosa ens permet oferir-te equips de calefacci\u00f3 d&#8217;alta qualitat i durabilitat. Aquests equips han estat dissenyats per a suportar un \u00fas intensiu durant molts anys, per la qual cosa podr\u00e0s gaudir del teu sistema de calefacci\u00f3 sense preocupar-te pel seu manteniment.<\/p>\n<p>[\/et_pb_text][\/et_pb_column][et_pb_column type=&#8221;1_4&#8243; _builder_version=&#8221;4.20.2&#8243; _module_preset=&#8221;default&#8221; global_colors_info=&#8221;{}&#8221;][et_pb_image src=&#8221;https:\/\/energirona.com\/wp-content\/uploads\/2023\/05\/cale-4.jpg&#8221; alt=&#8221;calefacci\u00f3n calor energirona&#8221; title_text=&#8221;cale 4&#8243; _builder_version=&#8221;4.20.2&#8243; _module_preset=&#8221;default&#8221; global_colors_info=&#8221;{}&#8221;][\/et_pb_image][et_pb_text _builder_version=&#8221;4.20.2&#8243; _module_preset=&#8221;default&#8221; global_colors_info=&#8221;{}&#8221;]<\/p>\n<p>Sabem que el cost de la instal\u00b7laci\u00f3 d&#8217;un sistema de pot ser un obstacle per a algunes persones. Per aix\u00f2, oferim <strong>finan\u00e7ament a mesura des de 60\u20ac\/mes<\/strong> amb caldera i instal\u00b7laci\u00f3 inclosa perqu\u00e8 puguis pagar c\u00f2modament en quotes i gaudir del teu nou sistema de calefacci\u00f3 sense preocupacions.<\/p>\n<p>[\/et_pb_text][\/et_pb_column][\/et_pb_row][\/et_pb_section][et_pb_section fb_built=&#8221;1&#8243; _builder_version=&#8221;4.20.0&#8243; _module_preset=&#8221;default&#8221; global_colors_info=&#8221;{}&#8221;][et_pb_row _builder_version=&#8221;4.19.5&#8243; _module_preset=&#8221;default&#8221; global_colors_info=&#8221;{}&#8221;][et_pb_column type=&#8221;4_4&#8243; _builder_version=&#8221;4.19.5&#8243; _module_preset=&#8221;default&#8221; global_colors_info=&#8221;{}&#8221;][et_pb_text _builder_version=&#8221;4.20.2&#8243; _module_preset=&#8221;default&#8221; global_colors_info=&#8221;{}&#8221;]<\/p>\n<h2 style=\"text-align: center;\"><strong>NECESSITES SABER M\u00c9S SOBRE INSTAL\u00b7LACIONS DE CALEFACCI\u00d3?<\/strong><\/h2>\n<p>[\/et_pb_text][et_pb_text _builder_version=&#8221;4.20.2&#8243; _module_preset=&#8221;default&#8221; global_colors_info=&#8221;{}&#8221;]<\/p>\n<p>Aqu\u00ed trobar\u00e0s els dubtes m\u00e9s freq\u00fcents en mat\u00e8ria d&#8217;instal\u00b7lacions de calefacci\u00f3. Si tens m\u00e9s preguntes, no ho dubtis i crida&#8217;ns, t&#8217;atendrem<br \/>encantats!<\/p>\n<p>[\/et_pb_text][et_pb_accordion open_toggle_text_color=&#8221;#368a82&#8243; closed_toggle_background_color=&#8221;rgba(54,138,130,0.1)&#8221; icon_color=&#8221;#368a82&#8243; _builder_version=&#8221;4.20.2&#8243; _module_preset=&#8221;default&#8221; toggle_text_color=&#8221;#368a82&#8243; toggle_font=&#8221;|700|||||||&#8221; toggle_font_size=&#8221;18px&#8221; body_text_color=&#8221;#000000&#8243; global_colors_info=&#8221;{}&#8221;][et_pb_accordion_item title=&#8221;Quines opcions de calefacci\u00f3 estan disponibles per a la meva llar o empresa?&#8221; open=&#8221;on&#8221; _builder_version=&#8221;4.20.2&#8243; _module_preset=&#8221;default&#8221; global_colors_info=&#8221;{}&#8221;]<\/p>\n<p><span style=\"font-weight: 400;\">Les opcions de calefacci\u00f3 disponibles inclouen gas natural, gasoil, biomassa, aerot\u00e8rmia i bombes de calor, entre d&#8217;altres. L&#8217;elecci\u00f3 dependr\u00e0 de factors com la mida de la propietat, la ubicaci\u00f3 geogr\u00e0fica, l&#8217;efici\u00e8ncia energ\u00e8tica i el pressupost.<\/span><\/p>\n<p>[\/et_pb_accordion_item][et_pb_accordion_item title=&#8221;Quin \u00e9s el cost de la instal\u00b7laci\u00f3 de calefacci\u00f3?&#8221; _builder_version=&#8221;4.20.2&#8243; _module_preset=&#8221;default&#8221; global_colors_info=&#8221;{}&#8221; open=&#8221;off&#8221;]<\/p>\n<p><span style=\"font-weight: 400;\">El cost de la instal\u00b7laci\u00f3 de calefacci\u00f3 varia segons l&#8217;opci\u00f3 escollida, la mida de la propietat i la complexitat de la instal\u00b7laci\u00f3. \u00c9s important considerar el cost a llarg termini, incloent-hi el consum de combustible i el manteniment.<\/span><\/p>\n<p>[\/et_pb_accordion_item][et_pb_accordion_item title=&#8221;Quina mida de caldera necessito per a la meva llar o empresa?&#8221; _builder_version=&#8221;4.20.2&#8243; _module_preset=&#8221;default&#8221; global_colors_info=&#8221;{}&#8221; open=&#8221;off&#8221;]<\/p>\n<p><span style=\"font-weight: 400;\">La mida de la caldera que necessites per a casa teva o empresa dep\u00e8n de diversos factors, com la mida de la propietat, el nombre d&#8217;habitacions i el nivell d&#8217;a\u00efllament t\u00e8rmic. Un dels nostres professionals en calefacci\u00f3 pot calcular la mida adequada de la caldera que necessites.<\/span><\/p>\n<p><\/p>\n<p><span style=\"font-weight: 400;\">En general, una caldera m\u00e9s gran \u00e9s m\u00e9s costosa per\u00f2 pot proporcionar una calefacci\u00f3 m\u00e9s eficient. Per tant, \u00e9s important triar la caldera de la mida adequada per evitar una despesa excessiva i maximitzar l&#8217;efici\u00e8ncia.<\/span><\/p>\n<p>[\/et_pb_accordion_item][et_pb_accordion_item title=&#8221;Quin tipus de radiadors o sistemes de distribuci\u00f3 de calor s\u00f3n els adequats per a la meva llar o empresa?&#8221; _builder_version=&#8221;4.20.2&#8243; _module_preset=&#8221;default&#8221; global_colors_info=&#8221;{}&#8221; open=&#8221;off&#8221;]<\/p>\n<p><span style=\"font-weight: 400;\">L&#8217;elecci\u00f3 del tipus de radiador o sistema de distribuci\u00f3 de calor dependr\u00e0 de la propietat i de la prefer\u00e8ncia personal. Considera l&#8217;efici\u00e8ncia energ\u00e8tica i l&#8217;espai disponible. Si tens dubtes sobre aix\u00f2, consulta amb els nostres experts en instal\u00b7laci\u00f3 de calefacci\u00f3 a Girona.<\/span><\/p>\n<p>[\/et_pb_accordion_item][et_pb_accordion_item title=&#8221;Quant de temps porta la instal\u00b7laci\u00f3 d&apos;un sistema de calefacci\u00f3?&#8221; _builder_version=&#8221;4.20.2&#8243; _module_preset=&#8221;default&#8221; global_colors_info=&#8221;{}&#8221; open=&#8221;off&#8221;]<\/p>\n<p><span style=\"font-weight: 400;\">El temps dinstal\u00b7laci\u00f3 dun sistema de calefacci\u00f3 dep\u00e8n del tipus de sistema i de la complexitat del projecte. Per exemple, la instal\u00b7laci\u00f3 d&#8217;un sistema de caldera de gas pot trigar entre 1 i 3 dies, mentre que la instal\u00b7laci\u00f3 d&#8217;un sistema de calefacci\u00f3 per terra radiant pot trigar diverses setmanes.<\/span><\/p>\n<p><\/p>\n<p><span style=\"font-weight: 400;\">A m\u00e9s, la necessitat de realitzar modificacions a la instal\u00b7laci\u00f3 actual pot augmentar el temps requerit. En general, \u00e9s recomanable consultar un professional per obtenir un temps d&#8217;instal\u00b7laci\u00f3 prec\u00eds.<\/span><\/p>\n<p>[\/et_pb_accordion_item][\/et_pb_accordion][\/et_pb_column][\/et_pb_row][\/et_pb_section]<\/p>\n","protected":false},"excerpt":{"rendered":"<p>INSTAL\u00b7LACI\u00d3 DE CALEFACCI\u00d3: APROFITA LA NOSTRA PROMOCI\u00d3 DE FINS A 250 \u20ac DE DESCOMPTETruca&#8217;ns ara al621 14 60 03O b\u00e9 omple el seg\u00fcent formulari\n<div class=\"wpcf7 no-js\" id=\"wpcf7-f1996-o2\" lang=\"ca\" dir=\"ltr\" data-wpcf7-id=\"1996\">\n<div class=\"screen-reader-response\"><p role=\"status\" aria-live=\"polite\" aria-atomic=\"true\"><\/p> <ul><\/ul><\/div>\n<form action=\"\/ca\/wp-json\/wp\/v2\/pages\/1887#wpcf7-f1996-o2\" method=\"post\" class=\"wpcf7-form init\" aria-label=\"Formulari de contacte\" novalidate=\"novalidate\" data-status=\"init\">\n<fieldset class=\"hidden-fields-container\"><input type=\"hidden\" name=\"_wpcf7\" value=\"1996\" \/><input type=\"hidden\" name=\"_wpcf7_version\" value=\"6.1.5\" \/><input type=\"hidden\" name=\"_wpcf7_locale\" value=\"ca\" \/><input type=\"hidden\" name=\"_wpcf7_unit_tag\" value=\"wpcf7-f1996-o2\" \/><input type=\"hidden\" name=\"_wpcf7_container_post\" value=\"0\" \/><input type=\"hidden\" name=\"_wpcf7_posted_data_hash\" value=\"\" \/><input type=\"hidden\" name=\"_wpcf7_recaptcha_response\" value=\"\" \/>\n<\/fieldset>\n<label> El teu nom\r\n    <span class=\"wpcf7-form-control-wrap\" data-name=\"your-name\"><input size=\"40\" maxlength=\"400\" class=\"wpcf7-form-control wpcf7-text wpcf7-validates-as-required\" autocomplete=\"name\" aria-required=\"true\" aria-invalid=\"false\" value=\"\" type=\"text\" name=\"your-name\" \/><\/span>\r\n<\/label>\r\n\r\n<label> N\u00famero de tel\u00e8fon\r\n    <span class=\"wpcf7-form-control-wrap\" data-name=\"tel-num\"><input size=\"40\" maxlength=\"400\" class=\"wpcf7-form-control wpcf7-tel wpcf7-validates-as-required wpcf7-text wpcf7-validates-as-tel\" aria-required=\"true\" aria-invalid=\"false\" value=\"\" type=\"tel\" name=\"tel-num\" \/><\/span>\r\n<\/label>\r\n\r\n<label> Poblaci\u00f3\r\n    <span class=\"wpcf7-form-control-wrap\" data-name=\"pob\"><input size=\"40\" maxlength=\"400\" class=\"wpcf7-form-control wpcf7-text wpcf7-validates-as-required\" aria-required=\"true\" aria-invalid=\"false\" value=\"\" type=\"text\" name=\"pob\" \/><\/span>\r\n<\/label>\r\n\r\n\r\n<span class=\"wpcf7-form-control-wrap\" data-name=\"acceptance-432\"><span class=\"wpcf7-form-control wpcf7-acceptance\"><span class=\"wpcf7-list-item\"><label><input type=\"checkbox\" name=\"acceptance-432\" value=\"1\" aria-invalid=\"false\" \/><span class=\"wpcf7-list-item-label\">He llegit i accepto la <a href=\"\/politica-de-privacidad\">pol\u00edtica de privacitat<\/a><\/span><\/label><\/span><\/span><\/span>\r\n<input class=\"wpcf7-form-control wpcf7-hidden\" value=\"\" type=\"hidden\" name=\"utm_source\" \/>\r\n<input class=\"wpcf7-form-control wpcf7-hidden\" value=\"\" type=\"hidden\" name=\"utm_medium\" \/>\r\n<input class=\"wpcf7-form-control wpcf7-hidden\" value=\"\" type=\"hidden\" name=\"utm_campaign\" \/>\r\n<input class=\"wpcf7-form-control wpcf7-hidden\" value=\"\" type=\"hidden\" name=\"gclid\" \/>\r\n<input class=\"wpcf7-form-control wpcf7-hidden\" value=\"\" type=\"hidden\" name=\"utm_id\" \/>\r\n\r\n<input class=\"wpcf7-form-control wpcf7-submit has-spinner\" type=\"submit\" value=\"Contactan&#039;s\" \/><div class=\"wpcf7-response-output\" aria-hidden=\"true\"><\/div>\n<\/form>\n<\/div>\nCALOR I CONFORT AMB ENERGIRONAVols gaudir d&#8217;una llar c\u00e0lida i confortable durant tot l&#8217;hivern? En Energirona som especialistes en la instal\u00b7laci\u00f3 de sistemes de calefacci\u00f3 eficients i d&#8217;alta qualitat. [&hellip;]<\/p>\n","protected":false},"author":1,"featured_media":3013,"parent":0,"menu_order":0,"comment_status":"closed","ping_status":"closed","template":"","meta":{"_acf_changed":false,"_et_pb_use_builder":"on","_et_pb_old_content":"","_et_gb_content_width":"","footnotes":""},"class_list":["post-1887","page","type-page","status-publish","has-post-thumbnail","hentry"],"acf":[],"yoast_head":"<!-- This site is optimized with the Yoast SEO plugin v27.4 - https:\/\/yoast.com\/product\/yoast-seo-wordpress\/ -->\n<title>Instal\u00b7laci\u00f3 de Calefacci\u00f3 a Girona | Energirona<\/title>\n<meta name=\"description\" content=\"Instal\u00b7laci\u00f3 de Calefacci\u00f3 a la prov\u00edncia de Girona. Pressupost i visita t\u00e8cnica gratu\u00efts. Les millors marques. Rapidesa d&#039;instal\u00b7laci\u00f3.\" \/>\n<meta name=\"robots\" content=\"index, follow, max-snippet:-1, max-image-preview:large, max-video-preview:-1\" \/>\n<link rel=\"canonical\" href=\"https:\/\/energirona.com\/ca\/calefaccio\/\" \/>\n<meta property=\"og:locale\" content=\"ca_ES\" \/>\n<meta property=\"og:type\" content=\"article\" \/>\n<meta property=\"og:title\" content=\"Instal\u00b7laci\u00f3 de Calefacci\u00f3 a Girona | Energirona\" \/>\n<meta property=\"og:description\" content=\"Instal\u00b7laci\u00f3 de Calefacci\u00f3 a la prov\u00edncia de Girona. Pressupost i visita t\u00e8cnica gratu\u00efts. Les millors marques. Rapidesa d&#039;instal\u00b7laci\u00f3.\" \/>\n<meta property=\"og:url\" content=\"https:\/\/energirona.com\/ca\/calefaccio\/\" \/>\n<meta property=\"og:site_name\" content=\"Energirona\" \/>\n<meta property=\"article:modified_time\" content=\"2025-12-16T08:35:17+00:00\" \/>\n<meta property=\"og:image\" content=\"https:\/\/energirona.com\/wp-content\/uploads\/2023\/05\/cale-1.jpg\" \/>\n\t<meta property=\"og:image:width\" content=\"612\" \/>\n\t<meta property=\"og:image:height\" content=\"408\" \/>\n\t<meta property=\"og:image:type\" content=\"image\/jpeg\" \/>\n<meta name=\"twitter:card\" content=\"summary_large_image\" \/>\n<meta name=\"twitter:label1\" content=\"Temps estimat de lectura\" \/>\n\t<meta name=\"twitter:data1\" content=\"5 minuts\" \/>\n<!-- \/ Yoast SEO plugin. -->","yoast_head_json":{"title":"Instal\u00b7laci\u00f3 de Calefacci\u00f3 a Girona | Energirona","description":"Instal\u00b7laci\u00f3 de Calefacci\u00f3 a la prov\u00edncia de Girona. Pressupost i visita t\u00e8cnica gratu\u00efts. Les millors marques. Rapidesa d'instal\u00b7laci\u00f3.","robots":{"index":"index","follow":"follow","max-snippet":"max-snippet:-1","max-image-preview":"max-image-preview:large","max-video-preview":"max-video-preview:-1"},"canonical":"https:\/\/energirona.com\/ca\/calefaccio\/","og_locale":"ca_ES","og_type":"article","og_title":"Instal\u00b7laci\u00f3 de Calefacci\u00f3 a Girona | Energirona","og_description":"Instal\u00b7laci\u00f3 de Calefacci\u00f3 a la prov\u00edncia de Girona. Pressupost i visita t\u00e8cnica gratu\u00efts. Les millors marques. Rapidesa d'instal\u00b7laci\u00f3.","og_url":"https:\/\/energirona.com\/ca\/calefaccio\/","og_site_name":"Energirona","article_modified_time":"2025-12-16T08:35:17+00:00","og_image":[{"width":612,"height":408,"url":"https:\/\/energirona.com\/wp-content\/uploads\/2023\/05\/cale-1.jpg","type":"image\/jpeg"}],"twitter_card":"summary_large_image","twitter_misc":{"Temps estimat de lectura":"5 minuts"},"schema":{"@context":"https:\/\/schema.org","@graph":[{"@type":"WebPage","@id":"https:\/\/energirona.com\/ca\/calefaccio\/","url":"https:\/\/energirona.com\/ca\/calefaccio\/","name":"Instal\u00b7laci\u00f3 de Calefacci\u00f3 a Girona | Energirona","isPartOf":{"@id":"https:\/\/energirona.com\/ca\/#website"},"primaryImageOfPage":{"@id":"https:\/\/energirona.com\/ca\/calefaccio\/#primaryimage"},"image":{"@id":"https:\/\/energirona.com\/ca\/calefaccio\/#primaryimage"},"thumbnailUrl":"https:\/\/energirona.com\/wp-content\/uploads\/2023\/05\/cale-1.jpg","datePublished":"2023-02-09T13:10:59+00:00","dateModified":"2025-12-16T08:35:17+00:00","description":"Instal\u00b7laci\u00f3 de Calefacci\u00f3 a la prov\u00edncia de Girona. Pressupost i visita t\u00e8cnica gratu\u00efts. Les millors marques. Rapidesa d'instal\u00b7laci\u00f3.","breadcrumb":{"@id":"https:\/\/energirona.com\/ca\/calefaccio\/#breadcrumb"},"inLanguage":"ca","potentialAction":[{"@type":"ReadAction","target":["https:\/\/energirona.com\/ca\/calefaccio\/"]}]},{"@type":"ImageObject","inLanguage":"ca","@id":"https:\/\/energirona.com\/ca\/calefaccio\/#primaryimage","url":"https:\/\/energirona.com\/wp-content\/uploads\/2023\/05\/cale-1.jpg","contentUrl":"https:\/\/energirona.com\/wp-content\/uploads\/2023\/05\/cale-1.jpg","width":612,"height":408,"caption":"Closeup on woman's hand adjusting thermostat valve"},{"@type":"BreadcrumbList","@id":"https:\/\/energirona.com\/ca\/calefaccio\/#breadcrumb","itemListElement":[{"@type":"ListItem","position":1,"name":"Portada","item":"https:\/\/energirona.com\/ca\/inici\/"},{"@type":"ListItem","position":2,"name":"Calefacci\u00f3"}]},{"@type":"WebSite","@id":"https:\/\/energirona.com\/ca\/#website","url":"https:\/\/energirona.com\/ca\/","name":"Energirona","description":"","publisher":{"@id":"https:\/\/energirona.com\/ca\/#organization"},"potentialAction":[{"@type":"SearchAction","target":{"@type":"EntryPoint","urlTemplate":"https:\/\/energirona.com\/ca\/?s={search_term_string}"},"query-input":{"@type":"PropertyValueSpecification","valueRequired":true,"valueName":"search_term_string"}}],"inLanguage":"ca"},{"@type":"Organization","@id":"https:\/\/energirona.com\/ca\/#organization","name":"Energirona","url":"https:\/\/energirona.com\/ca\/","logo":{"@type":"ImageObject","inLanguage":"ca","@id":"https:\/\/energirona.com\/ca\/#\/schema\/logo\/image\/","url":"https:\/\/energirona.com\/wp-content\/uploads\/2023\/02\/logo-energirona.png","contentUrl":"https:\/\/energirona.com\/wp-content\/uploads\/2023\/02\/logo-energirona.png","width":313,"height":57,"caption":"Energirona"},"image":{"@id":"https:\/\/energirona.com\/ca\/#\/schema\/logo\/image\/"}}]}},"_links":{"self":[{"href":"https:\/\/energirona.com\/ca\/wp-json\/wp\/v2\/pages\/1887","targetHints":{"allow":["GET"]}}],"collection":[{"href":"https:\/\/energirona.com\/ca\/wp-json\/wp\/v2\/pages"}],"about":[{"href":"https:\/\/energirona.com\/ca\/wp-json\/wp\/v2\/types\/page"}],"author":[{"embeddable":true,"href":"https:\/\/energirona.com\/ca\/wp-json\/wp\/v2\/users\/1"}],"replies":[{"embeddable":true,"href":"https:\/\/energirona.com\/ca\/wp-json\/wp\/v2\/comments?post=1887"}],"version-history":[{"count":22,"href":"https:\/\/energirona.com\/ca\/wp-json\/wp\/v2\/pages\/1887\/revisions"}],"predecessor-version":[{"id":8036,"href":"https:\/\/energirona.com\/ca\/wp-json\/wp\/v2\/pages\/1887\/revisions\/8036"}],"wp:featuredmedia":[{"embeddable":true,"href":"https:\/\/energirona.com\/ca\/wp-json\/wp\/v2\/media\/3013"}],"wp:attachment":[{"href":"https:\/\/energirona.com\/ca\/wp-json\/wp\/v2\/media?parent=1887"}],"curies":[{"name":"wp","href":"https:\/\/api.w.org\/{rel}","templated":true}]}}